{"id":2101,"date":"2021-09-19T19:10:57","date_gmt":"2021-09-19T19:10:57","guid":{"rendered":"https:\/\/vivianfriedrich.info\/?page_id=2101"},"modified":"2026-01-22T22:57:22","modified_gmt":"2026-01-22T22:57:22","slug":"agenda","status":"publish","type":"page","link":"http:\/\/vivianfriedrich.info\/?page_id=2101&lang=es","title":{"rendered":"Agenda"},"content":{"rendered":"\t\t<div data-elementor-type=\"wp-page\" data-elementor-id=\"2101\" class=\"elementor elementor-2101 elementor-236\">\n\t\t\t\t\t\t\t\t\t<section class=\"elementor-section elementor-top-section elementor-element elementor-element-42858a99 elementor-section-boxed elementor-section-height-default elementor-section-height-default\" data-id=\"42858a99\" data-element_type=\"section\">\n\t\t\t\t\t\t<div class=\"elementor-container elementor-column-gap-default\">\n\t\t\t\t\t<div class=\"elementor-column elementor-col-100 elementor-top-column elementor-element elementor-element-555eb43d\" data-id=\"555eb43d\" data-element_type=\"column\">\n\t\t\t<div class=\"elementor-widget-wrap elementor-element-populated\">\n\t\t\t\t\t\t\t\t<div class=\"elementor-element elementor-element-63d5dbe9 elementor-widget elementor-widget-text-editor\" data-id=\"63d5dbe9\" data-element_type=\"widget\" data-widget_type=\"text-editor.default\">\n\t\t\t\t<div class=\"elementor-widget-container\">\n\t\t\t<style>\/*! elementor - v3.6.0 - 21-03-2022 *\/\n.elementor-widget-text-editor.elementor-drop-cap-view-stacked .elementor-drop-cap{background-color:#818a91;color:#fff}.elementor-widget-text-editor.elementor-drop-cap-view-framed .elementor-drop-cap{color:#818a91;border:3px solid;background-color:transparent}.elementor-widget-text-editor:not(.elementor-drop-cap-view-default) .elementor-drop-cap{margin-top:8px}.elementor-widget-text-editor:not(.elementor-drop-cap-view-default) .elementor-drop-cap-letter{width:1em;height:1em}.elementor-widget-text-editor .elementor-drop-cap{float:left;text-align:center;line-height:1;font-size:50px}.elementor-widget-text-editor .elementor-drop-cap-letter{display:inline-block}<\/style>\t\t\t\t<p><span style=\"text-decoration: underline;\"><b>2026<\/b><\/span><\/p><p><b>19-23\/MAR\/26 \u00a0 <\/b>I TRUST YOU <a href=\"https:\/\/fundaciojoanbrossa.cat\/\">@Fundaci\u00f3 Joan Brossa<\/a>, Barcelona<\/p><p><b>26-29\/MAR\/26\u00a0 <\/b>\u00a0I TRUST YOU <a href=\"https:\/\/fundaciojoanbrossa.cat\/\">@Fundaci\u00f3 Joan Brossa<\/a>, Barcelona<\/p><p><strong>24\/ABRIL\/26 \u00a0<\/strong>SKLENKA MELTA <a href=\"https:\/\/www.centrecivicporqueres.cat\/ca\/programacio\/c\/419-vivian-friedrich.html\"><span style=\"font-weight: 400;\">@CentreC\u00edvicPorqueres, <\/span><\/a><span style=\"font-weight: 400;\">Girona<\/span><\/p><p><b>23\/MAY\/26<\/b> \u00a0 SKLENKA MELTA <a href=\"https:\/\/mercatflors.cat\/\">@Mercat de les Flors<\/a>, Barcelona<\/p><p><b>24\/MAY\/26<\/b> \u00a0 SKLENKA MELTA<a href=\"https:\/\/mercatflors.cat\/\"> @Mercat de les Flors<\/a>, Barcelona<\/p><p>\u00a0<\/p><p><b>&#8212;&#8211;\u00a0 \u00a0 PASADO &#8212;&#8211;<\/b><\/p><p><span style=\"text-decoration: underline;\"><strong>2025<\/strong><\/span><\/p><p><strong>ENE-MAR<\/strong>\u00a0 Investigaci\u00f3n art\u00edstica\u00a0 I Trust You &#8211; glask\u00f6rper and a breaking point, coproducci\u00f3n <a href=\"https:\/\/fundaciojoanbrossa.cat\/\">@Fundaci\u00f3 Joan Brossa<\/a><\/p><p><b>15\/MAY\/25 \u00a0<\/b>SKLENKA MELTA <a href=\"https:\/\/www.trapezi.cat\/en\/espectacle\/sklenka-melta\">@FiraTrapezi<\/a>, Teatre Bartrina, Reus\u00a0<\/p><p><strong>23\/MAY\/25<\/strong>\u00a0 SKLENKA MELTA <a href=\"https:\/\/www.festusfestival.cat\/\">@Festus<\/a>, Torell\u00f3<\/p><p><b>13\/JUN\/25 \u00a0<\/b>FRACCIONS, @LustrFest, Kamenick\u00fd \u0160enov, CZ<\/p><p><b>14\/JUN\/25 \u00a0<\/b>FRACCIONS, @LustrFest, Kamenick\u00fd \u0160enov, CZ<\/p><p><b>3\/JUL\/25 \u00a0\u00a0<\/b>SKLENKA MELTA <a href=\"https:\/\/www.barcelona.cat\/grec\/es\/espectaculos\/sklenka-melta\">@FestivalGrec<\/a>, Barcelona<\/p><p><b>4\/JUL\/25 \u00a0\u00a0<\/b>SKLENKA MELTA <a href=\"https:\/\/www.barcelona.cat\/grec\/es\/espectaculos\/sklenka-melta\">@FestivalGrec<\/a>, Barcelona<\/p><p><b>23\/JUL- 3\/AGO<\/b> <b>\/25<\/b> Artistic residence I TRUST YOU <a href=\"http:\/\/www.crac-espaciounico.org\/\">@CRAC<\/a>, Extremadura<\/p><p><b>21\/DIC\/25<\/b>\u00a0 \u00a0 SKLENKA MELTA non-conventional space Genova Palazzo <a href=\"https:\/\/circumnavigandofestival.it\/\">@CircumnavigandoFestival<\/a><\/p><p>\u00a0<\/p><p>\u00a0<\/p><p><strong><span style=\"text-decoration: underline;\">2024<\/span><\/strong><\/p><p><strong>15-18\/ENE\/24<\/strong>\u00a0 Workshop\/audition Sklenka Melta @ETC Vic<\/p><p><strong>07\/MAR\/24<\/strong>\u00a0 Performance FRACCIONS <a href=\"https:\/\/amicsmda.org\/activitat\/art-en-vidre-de-pilar-aldana-mendez-roser-box-gonzalez-dolors-rosell-mele-maribel-navarro-i-nuria-torrente\/\">@Art-en-Vidre<\/a>, Girona<\/p><p><strong>14\/MAR\/24<\/strong> Performance FRACCIONS <a href=\"https:\/\/amicsmda.org\/activitat\/art-en-vidre-de-pilar-aldana-mendez-roser-box-gonzalez-dolors-rosell-mele-maribel-navarro-i-nuria-torrente\/\">@Art-en-Vidre<\/a>, Girona<\/p><p><strong>21\/MAR\/24<\/strong> Performance FRACCIONS <a href=\"https:\/\/amicsmda.org\/activitat\/art-en-vidre-de-pilar-aldana-mendez-roser-box-gonzalez-dolors-rosell-mele-maribel-navarro-i-nuria-torrente\/\">@Art-en-Vidre<\/a>, Girona<\/p><p><b>10\/MAYO\/24<\/b> Showcase Sklenka Melta @Fira Trapezi Reus<\/p><p><strong style=\"font-variant-caps: normal;\">01\/JUN\/24\u00a0\u00a0<\/strong>Fragment Sklenka Melta\u00a0<a style=\"font-variant-caps: normal;\" href=\"https:\/\/objetosconvidrio.com\/2-trobada-del-vidre-a-massanes-girona-cataluna\/\">@Trobada de vidre Massanes<\/a><\/p><p><strong>31\/AGO\/24 <\/strong>Glass performance FRACCIONS #8 <a href=\"https:\/\/crystalvalleyweek.cz\/en\">@Crystal Valley Week<\/a>, Liberec<\/p><p><strong>01\/SEP\/24<\/strong>\u00a0 KRISTALL BOH\u00c8ME<a href=\"https:\/\/letniletna.cz\"> @Letn\u00edLetn\u00e1<\/a>, Prague, CZ<\/p><p><strong>21\/SEP\/24\u00a0<\/strong> In-situ glass performance FRACCIONS [sklenka melta] <a href=\"https:\/\/www.artsenmouvement.fr\">@CIAM Aix-en-Provence<\/a>, FR<\/p><p><strong>08\/NOV\/24<\/strong> Premiere SKLENKA MELTA <a href=\"https:\/\/mercatflors.cat\/es\/\">@Mercat de les Flors, <\/a>Barcelona (pospuesto)<\/p><p><strong>9-10\/NOV\/24<\/strong> SKLENKA MELTA <a href=\"https:\/\/mercatflors.cat\/es\/\">@Mercat de les Flors, <\/a>Barcelona (pospuesto)<\/p><p><b>20-24\/NOV\/24 <\/b>Kristall Boh\u00e8me [in situ] @Circus M\u00fchle Kelbra<\/p><p><strong><span style=\"text-decoration: underline;\">2023<\/span><\/strong><\/p><p><strong>24\/ENE\/23<\/strong>\u00a0 \u00a0Internationale Kulturb\u00f6rse Freiburg \u2013 Buzz Pitching Session \/\/Kristall Boh\u00e8me<\/p><p><strong>11\/FEB\/23<\/strong> \u00a0Breach \u2013\u00a0<a href=\"https:\/\/www.somnoise.com\/copia-de-espectaculos\">SOM NOISE<\/a>\u00a0\/ @Teatre l\u2019Ateneu, Celr\u00e0<\/p><p><strong>08\/MAR\/23<\/strong> \u00a0\u00a0Breach \u2013\u00a0<a href=\"https:\/\/www.somnoise.com\/copia-de-espectaculos\">SOM NOISE<\/a>\u00a0\/ @Teatre La Gorga, Palam\u00f3s<\/p><p><strong>19\/MAR\/22<\/strong> \u00a0Kristall Boh\u00e8me [Excavaci\u00f3n de una Memoria] \/\u00a0<a href=\"https:\/\/teatreprincipal.cat\/esdeveniments\/krystall-boheme\/\" target=\"_blank\" rel=\"noopener\">@Teatre Principal, Arenys de Mar<\/a><\/p><p><strong>ABRIL-SEP 2023 \u00a0<\/strong>Artistic research between glass, movement and circus FRACCIONS and SKLENKA MELTA\u00a0<\/p><p><span style=\"font-variant-caps: normal; font-family: 'Open Sans', sans-serif; font-size: 16px; font-style: normal; font-weight: 600;\">15\/OCT\/23 \u00a0<\/span><span style=\"font-family: 'Open Sans', sans-serif; font-size: 16px; font-style: normal; font-variant-caps: normal;\">Kristall Boh\u00e8me [Excavaci\u00f3n de una Memoria] \/\/\u00a0<\/span><a href=\"https:\/\/www.nilak.cat\" target=\"_blank\" rel=\"noopener\">@Nilak<\/a><span style=\"font-family: 'Open Sans', sans-serif; font-size: 16px; font-style: normal; font-variant-caps: normal;\">, Vilaller\u00a0<\/span><\/p><p><span style=\"font-variant-caps: normal; font-family: 'Open Sans', sans-serif; font-size: 16px; font-style: normal; font-weight: 600;\">21-22\/OCT\/23 \u00a0<\/span><span style=\"font-family: 'Open Sans', sans-serif; font-size: 16px; font-style: normal; font-variant-caps: normal;\">FRACCIONS @XII Jornades Arts del vidre, Escaldes-Engordany, Andorra<\/span><\/p><p style=\"font-variant-caps: normal; font-family: 'Open Sans', sans-serif; font-size: 16px; font-style: normal;\"><span style=\"font-variant-caps: normal; font-family: 'Open Sans', sans-serif; font-size: 16px; font-style: normal; font-weight: 600;\">26\/OCT\/23 \u00a0<\/span><span style=\"font-variant-caps: normal; font-family: 'Open Sans', sans-serif; font-size: 16px; font-style: normal;\">PITCH Sklenka Melta, Artcena @Festival Circa, Auch, FR<\/span><\/p><p style=\"font-variant-caps: normal; font-family: 'Open Sans', sans-serif; font-size: 16px; font-style: normal;\"><span style=\"font-variant-caps: normal; font-family: 'Open Sans', sans-serif; font-size: 16px; font-style: normal; font-weight: 600;\">13-17\/NOV\/23 \u00a0<\/span><span style=\"font-variant-caps: normal; font-family: 'Open Sans', sans-serif; font-size: 16px; font-style: normal;\">\u00a0CircusGlass Lab\u00a0<\/span>Sklenka Melta \/\/ @LaCentral del Circ, Barcelona<\/p><p style=\"font-variant-caps: normal; font-family: 'Open Sans', sans-serif; font-size: 16px; font-style: normal;\"><strong>29\/NOV- 3\/DIC\/23<\/strong> \u00a0Creation and Dramaturgy Workshop\/\/ @VIII Encuentro D10, Santiago de Compostelas<\/p><div><span style=\"font-variant-caps: normal; font-family: 'Open Sans', sans-serif; font-size: 16px; font-style: normal;\">\u00a0<\/span><\/div><div><span style=\"font-variant-caps: normal; font-family: 'Open Sans', sans-serif; font-size: 16px; font-style: normal;\">\u00a0<\/span><\/div><p><strong style=\"font-size: 16px;\"><span style=\"text-decoration: underline;\">2022<\/span><\/strong><\/p><p><strong>08\/ENE\/22<\/strong>\u00a0 \u00a0<span style=\"font-family: 'Open Sans', sans-serif; font-size: 16px; font-style: normal; font-variant-caps: normal;\">Breach &#8211;\u00a0<\/span><a style=\"font-family: 'Open Sans', sans-serif; font-size: 16px; font-style: normal; font-variant-caps: normal;\" href=\"https:\/\/www.somnoise.com\/copia-de-espectaculos\">SOM NOISE<\/a><span style=\"font-family: 'Open Sans', sans-serif; font-size: 16px; font-style: normal; font-variant-caps: normal;\">\u00a0\/ Argentina<\/span><\/p><p><strong>28-29\/ENE\/22 \u00a0<\/strong>\u00a0<span style=\"font-family: 'Open Sans', sans-serif; font-size: 16px; font-style: normal; font-variant-caps: normal;\">\u00a0<\/span><span style=\"font-variant-caps: normal; font-family: 'Open Sans', sans-serif; font-size: 16px; font-style: normal;\">Breach &#8211;\u00a0<\/span><a style=\"font-variant-caps: normal; font-family: 'Open Sans', sans-serif; font-size: 16px; font-style: normal;\" href=\"https:\/\/www.somnoise.com\/copia-de-espectaculos\">SOM NOISE<\/a>\/ Escale Catalane <a href=\"https:\/\/la-grainerie.net\">@Grainerie\u00a0<\/a><\/p><p><span style=\"font-variant-caps: normal; font-family: 'Open Sans', sans-serif; font-size: 16px; font-style: normal; font-weight: 600;\">26\/FEB\/22 \u00a0 \u00a0 \u00a0<\/span><span style=\"font-family: 'Open Sans', sans-serif; font-size: 16px; font-style: normal; font-variant-caps: normal;\">Performing GenomaB\/ Albadulake <a href=\"https:\/\/www.oviedo.es\/teatro\/-\/calendars\/event\/1659024\/AsN1z6hAlTTE\">@Teatro Filarm\u00f3nica Oviedo<\/a><\/span><\/p><p><span style=\"font-family: 'Open Sans', sans-serif; font-size: 16px; font-style: normal; font-variant-caps: normal; font-weight: 600;\">28\/ABR\/22 \u00a0<\/span><span style=\"font-family: 'Open Sans', sans-serif; font-size: 16px; font-style: normal; font-variant-caps: normal;\">Breach &#8211;\u00a0<\/span><a style=\"font-family: 'Open Sans', sans-serif; font-size: 16px; font-style: normal; font-variant-caps: normal;\" href=\"https:\/\/www.somnoise.com\/copia-de-espectaculos\">SOM NOISE<\/a>\u00a0\/ <a href=\"https:\/\/www.girona.cat\/teatremunicipal\/cat\/programacio_fitxa.php?id=3132\">@Teatre Girona<\/a><\/p><p><span style=\"font-family: 'Open Sans', sans-serif; font-size: 16px; font-style: normal; font-variant-caps: normal; font-weight: 600;\">30\/ABR\/22 \u00a0<\/span><span style=\"font-family: 'Open Sans', sans-serif; font-size: 16px; font-style: normal; font-variant-caps: normal;\">FRACCIONS#4 [kristall b.] \/ \u00a0Festivalet\u00a0<a href=\"https:\/\/fundaciolaplana.wordpress.com\/2022\/04\/10\/festivalet-de-la-plana-3\/\">@Fundaci\u00f3 LaPlana<\/a><\/span><\/p><p><span style=\"font-family: 'Open Sans', sans-serif; font-size: 16px; font-style: normal; font-variant-caps: normal; font-weight: 600;\">11-12\/MAY\/22\u00a0<\/span><span style=\"font-family: 'Open Sans', sans-serif; font-size: 16px; font-style: normal; font-variant-caps: normal;\">Kristall Boh\u00e8me [excavaci\u00f3n SUR] \/ <a href=\"https:\/\/www.trapezi.cat\/es\/companyies\/vivian-friedrich-the-schubert-sisters\/\">@Fira Trapezi<\/a><\/span><\/p><p><span style=\"font-family: 'Open Sans', sans-serif; font-size: 16px; font-style: normal; font-variant-caps: normal; font-weight: 600;\">20-22\/MAY\/22 \u00a0<\/span><span style=\"font-family: 'Open Sans', sans-serif; font-size: 16px; font-style: normal; font-variant-caps: normal;\">Breach &#8211;\u00a0<\/span><a style=\"font-family: 'Open Sans', sans-serif; font-size: 16px; font-style: normal; font-variant-caps: normal;\" href=\"https:\/\/www.somnoise.com\/copia-de-espectaculos\">SOM NOISE<\/a><span style=\"font-family: 'Open Sans', sans-serif; font-size: 16px; font-style: normal; font-variant-caps: normal;\">\u00a0\/ <a href=\"https:\/\/mercatflors.cat\/es\/espectacle\/breach\/\">@Mercat de Les Flors<\/a><\/span><\/p><p><span style=\"font-family: 'Open Sans', sans-serif; font-size: 16px; font-style: normal; font-variant-caps: normal; font-weight: 600;\">27\/MAY\/22 \u00a0\u00a0<\/span><span style=\"font-family: 'Open Sans', sans-serif; font-size: 16px; font-style: normal; font-variant-caps: normal;\">Kristall Boh\u00e8me [Excavaci\u00f3n de una Memoria] \/ T.E.S.T. \u00a0<a href=\"http:\/\/Creation Kristal\" data-wplink-url-error=\"true\">@La Central del Circ BCN<\/a><\/span><\/p><p><span style=\"font-variant-caps: normal; font-family: 'Open Sans', sans-serif; font-size: 16px; font-style: normal; font-weight: 600;\">2\/JUN\/22 \u00a0<\/span><span style=\"font-variant-caps: normal; font-family: 'Open Sans', sans-serif; font-size: 16px; font-style: normal; font-weight: 600;\">\u00a0<\/span><span style=\"font-variant-caps: normal; font-family: 'Open Sans', sans-serif; font-size: 16px; font-style: normal;\">Breach &#8211;\u00a0<\/span><a style=\"font-variant-caps: normal; font-family: 'Open Sans', sans-serif; font-size: 16px; font-style: normal;\" href=\"https:\/\/www.somnoise.com\/copia-de-espectaculos\">SOM NOISE<\/a><span style=\"font-variant-caps: normal; font-family: 'Open Sans', sans-serif; font-size: 16px; font-style: normal;\">\u00a0\/ @Teatre Principal Olot<\/span><\/p><p><span style=\"font-family: 'Open Sans', sans-serif; font-size: 16px; font-style: normal; font-variant-caps: normal; font-weight: 600;\">3-5\/JUN\/22 \u00a0<\/span><span style=\"font-family: 'Open Sans', sans-serif; font-size: 16px; font-style: normal; font-variant-caps: normal;\">Kristall Boh\u00e8me [Excavaci\u00f3n de una Memoria] \/ <a href=\"https:\/\/mercatflors.cat\/es\/espectacle\/kristall-boheme\/\">@Mercat de les Flors<\/a><\/span><\/p><p><span style=\"font-family: 'Open Sans', sans-serif; font-size: 16px; font-style: normal; font-variant-caps: normal; font-weight: 600;\">9\/JUN\/22 \u00a0 \u00a0<\/span><span style=\"font-family: 'Open Sans', sans-serif; font-size: 16px; font-style: normal; font-variant-caps: normal;\">Kristall Boh\u00e8me [Excavaci\u00f3n de una Memoria] \/ <a href=\"https:\/\/www.olotcultura.cat\/agenda\/acte\/kristall-boheme\/\">@Teatre Principal Olot<\/a><\/span><\/p><p><span style=\"font-family: 'Open Sans', sans-serif; font-size: 16px; font-style: normal; font-variant-caps: normal; font-weight: 600;\">15\/JUL\/22<\/span><span style=\"font-family: 'Open Sans', sans-serif; font-size: 16px; font-style: normal; font-variant-caps: normal; font-weight: 600;\">\u00a0<\/span><span style=\"font-family: 'Open Sans', sans-serif; font-size: 16px; font-style: normal; font-variant-caps: normal;\">Breach &#8211;\u00a0<\/span><a style=\"font-family: 'Open Sans', sans-serif; font-size: 16px; font-style: normal; font-variant-caps: normal;\" href=\"https:\/\/www.somnoise.com\/copia-de-espectaculos\">SOM NOISE<\/a><span style=\"font-family: 'Open Sans', sans-serif; font-size: 16px; font-style: normal; font-variant-caps: normal;\">\u00a0\/ @FiraCirc La Bisbal<\/span><\/p><p><span style=\"font-family: 'Open Sans', sans-serif; font-size: 16px; font-style: normal; font-variant-caps: normal; font-weight: 600;\">27+28\/AGO\/22\u00a0<\/span><span style=\"font-family: 'Open Sans', sans-serif; font-size: 16px; font-style: normal; font-variant-caps: normal;\">Workshop MOVEMENT SCORES <a href=\"https:\/\/cirqueon.webooker.eu\/Courses\/Register\/123434?returnUrl=Courses&amp;tabName=detail&amp;fbclid=IwAR2lK5HBu1KCaS4kOFYdw1JCM-DaXfT5aFaF48-2J_kyoyxcZanCUXFrVCc\">@Cirqueon Prague<\/a><\/span><\/p><p><span style=\"font-variant-caps: normal; font-family: 'Open Sans', sans-serif; font-size: 16px; font-style: normal; font-weight: 600;\">16\/SEP\/22 \u00a0<\/span><span style=\"font-variant-caps: normal; font-family: 'Open Sans', sans-serif; font-size: 16px; font-style: normal;\">Kristall Boh\u00e8me [tranformation d&#8217;un four] \/\u00a0<a href=\"https:\/\/www.polecirqueverrerie.com\">@LaVerrerie<\/a>\u00a0d&#8217;Al\u00e8s<\/span><\/p><p><span style=\"font-family: 'Open Sans', sans-serif; font-size: 16px; font-style: normal; font-variant-caps: normal; font-weight: 600;\">14\/OCT\/22 \u00a0<\/span><span style=\"font-family: 'Open Sans', sans-serif; font-size: 16px; font-style: normal; font-variant-caps: normal;\">Kristall Boh\u00e8me [duette-en-croix] &#8211; in situ \/ <a href=\"https:\/\/www.30cc.be\/en\/cirklabo\">@Cirklabo<\/a><\/span><span style=\"font-variant-caps: normal; font-family: 'Open Sans', sans-serif; font-size: 16px; font-style: normal;\"><br \/><\/span><\/p><p><span style=\"font-family: 'Open Sans', sans-serif; font-size: 16px; font-style: normal; font-variant-caps: normal; font-weight: 600;\">28\/OCT\/22 \u00a0<\/span><span style=\"font-family: 'Open Sans', sans-serif; font-size: 16px; font-style: normal; font-variant-caps: normal;\">Kristall Boh\u00e8me [duette-en-croix] \/ @Cuacos de Yuste &#8211; Jornadas Dramaturgias Visuales<\/span><\/p><p><span style=\"font-variant-caps: normal; font-family: 'Open Sans', sans-serif; font-size: 16px; font-style: normal; font-weight: 600;\">5\/NOV\/22 \u00a0 \u00a0<\/span><span style=\"font-variant-caps: normal; font-family: 'Open Sans', sans-serif; font-size: 16px; font-style: normal;\">Kristall Boh\u00e8me [Excavaci\u00f3n de una Memoria] \/ <a href=\"https:\/\/www.rivasciudad.es\/servicio\/cultura\/2020\/01\/30\/auditorio-pilar-bardem\/862600117917\/\">@Auditorio Pilar Bardem<\/a> Rivas Vaciamadrid<\/span><span style=\"font-family: 'Open Sans', sans-serif; font-size: 16px; font-style: normal; font-variant-caps: normal;\"><br \/><\/span><\/p><p><span style=\"font-variant-caps: normal; font-family: 'Open Sans', sans-serif; font-size: 16px; font-style: normal; font-weight: 600;\">11+12\/NOV\/22 \u00a0 \u00a0<\/span><span style=\"font-variant-caps: normal; font-family: 'Open Sans', sans-serif; font-size: 16px; font-style: normal;\">GenomaB &#8211; C\u00eda Albadulake \/ Tondela &#8211; Guarda, Portugal<\/span><\/p><p><span style=\"font-variant-caps: normal; font-family: 'Open Sans', sans-serif; font-size: 16px; font-style: normal; font-weight: 600;\">30\/NOV\/22 \u00a0 \u00a0 \u00a0 \u00a0\u00a0<\/span><span style=\"font-variant-caps: normal; font-family: 'Open Sans', sans-serif; font-size: 16px; font-style: normal;\">GenomaB &#8211; C\u00eda Albadulake \/ Sines, Portugal<\/span><\/p><p><span style=\"font-variant-caps: normal;\"><strong>01\/DIC\/22<\/strong> \u00a0 \u00a0 \u00a0 \u00a0<\/span>GenomaB &#8211; C\u00eda Albadulake \/ Santiago do\u00a0Cac\u00e9m, Portugal<span style=\"font-variant-caps: normal; font-family: 'Open Sans', sans-serif; font-size: 16px; font-style: normal;\"><br \/><\/span><\/p><p><span style=\"font-variant-caps: normal;\"><strong>18\/DIC\/22<\/strong> \u00a0 \u00a0 <\/span>\u00a0Open rehearsal creation Kristall Boh\u00e8me [la huella] &#8211; performative installation \/ Can Gassol, Matar\u00f3<\/p>\t\t\t\t\t\t<\/div>\n\t\t\t\t<\/div>\n\t\t\t\t\t<\/div>\n\t\t<\/div>\n\t\t\t\t\t\t\t<\/div>\n\t\t<\/section>\n\t\t\t\t<section class=\"elementor-section elementor-top-section elementor-element elementor-element-f4649b9 elementor-section-boxed elementor-section-height-default elementor-section-height-default\" data-id=\"f4649b9\" data-element_type=\"section\">\n\t\t\t\t\t\t<div class=\"elementor-container elementor-column-gap-default\">\n\t\t\t\t\t<div class=\"elementor-column elementor-col-100 elementor-top-column elementor-element elementor-element-886c855\" data-id=\"886c855\" data-element_type=\"column\">\n\t\t\t<div class=\"elementor-widget-wrap elementor-element-populated\">\n\t\t\t\t\t\t\t\t<div class=\"elementor-element elementor-element-b245c35 elementor-widget elementor-widget-text-editor\" data-id=\"b245c35\" data-element_type=\"widget\" data-widget_type=\"text-editor.default\">\n\t\t\t\t<div class=\"elementor-widget-container\">\n\t\t\t\t\t\t\t\t\t\t\t\t\t<\/div>\n\t\t\t\t<\/div>\n\t\t\t\t<div class=\"elementor-element elementor-element-6ce103e elementor-widget elementor-widget-text-editor\" data-id=\"6ce103e\" data-element_type=\"widget\" data-widget_type=\"text-editor.default\">\n\t\t\t\t<div class=\"elementor-widget-container\">\n\t\t\t\t\t\t\t<p><\/p>\n<p><span style=\"text-decoration: underline;\"><b>2021<\/b><\/span><\/p>\n<p><strong>20-23\/SEP\/21<\/strong> Creation Kristall Boh\u00e8me \/ LaBau<\/p>\n<p><\/p>\n<p><strong>24\/SEP\/21 <\/strong> Dancing Museums \/ <a href=\"https:\/\/www.fmirobcn.org\/en\/\">Fundaci\u00f3n Mir\u00f3<\/a><\/p>\n<p><\/p>\n<p><strong>27\/SEP- 13\/OCT\/21<\/strong> Creation Kristall Boh\u00e8me \/ <a href=\"https:\/\/labau.net\">LaBau<\/a> + L&#8217;An\u00f3nima Manresa<\/p>\n<p><\/p>\n<p><strong>16 OCT<\/strong> <strong>2021<\/strong> Kristall Boh\u00e8me [excavaci\u00f3n an\u00f3nima] \/ <a href=\"https:\/\/firamediterrania.cat\/es\/next\/2021\/espectacles\/kristall-boheme-excavacion-anonima-vivian-friedrich\">Fira Mediterr\u00e0nea de Manresa<\/a><\/p>\n<p><\/p>\n<p><strong>22\/OCT\/21<\/strong> Breach &#8211; <a href=\"https:\/\/www.somnoise.com\/copia-de-espectaculos\">SOM NOISE<\/a> \/ Terrassa<\/p>\n<p><\/p>\n<p><strong>8-10\/NOV\/21<\/strong> Creaci\u00f3n Vidrio Soplado &#8211; <a href=\"https:\/\/vidriosorribes.com\">Vidrio Sorribes,<\/a> Valencia<\/p>\n<p><\/p>\n<p><strong>15-19\/NOV\/21<\/strong> De lo f\u00edsico al imaginario &#8211; Taller \/ MADPAC <a href=\"https:\/\/www.instagram.com\/el_invernadero_circo\/?hl=es\">@Invernadero<\/a> Madrid<\/p>\n<p><\/p>\n<p><strong>25\/NOV\/21<\/strong> Breach &#8211; <a href=\"https:\/\/www.somnoise.com\/copia-de-espectaculos\">SOM NOISE<\/a> \/ La Lira Tremp<\/p>\n<p><\/p>\n<p><strong>26\/NOV\/21<\/strong> Breach &#8211; <a href=\"https:\/\/www.somnoise.com\/copia-de-espectaculos\">SOM NOISE<\/a> \/ Teatre Auditori Cardedeu<\/p>\n<p><\/p>\n<p><strong>28\/NOV\/21<\/strong> Mesa Redonda &#8211;<a href=\"https:\/\/enlacuerdafloja.com\/programa\/mesaredonda\/\"> En la Cuerda Floja<\/a> \/\/ <a href=\"https:\/\/cdat.es\">CdAT<\/a> , Santander<\/p>\n<p><\/p>\n<p><strong>9-11\/DIC\/21<\/strong> Jornadas Dramaturgia y Escritura Esc\u00e9nica \/ <a href=\"https:\/\/lacentraldelcirc.cat\/jornades-sobre-dramaturgia\/?lang=es\">LaCentraldel Circ BCN<\/a><\/p>\n<p><\/p>\n<p><\/p>\n<p><\/p>\t\t\t\t\t\t<\/div>\n\t\t\t\t<\/div>\n\t\t\t\t\t<\/div>\n\t\t<\/div>\n\t\t\t\t\t\t\t<\/div>\n\t\t<\/section>\n\t\t\t\t<section class=\"elementor-section elementor-top-section elementor-element elementor-element-4ee2743 elementor-section-boxed elementor-section-height-default elementor-section-height-default\" data-id=\"4ee2743\" data-element_type=\"section\">\n\t\t\t\t\t\t<div class=\"elementor-container elementor-column-gap-default\">\n\t\t\t\t\t<div class=\"elementor-column elementor-col-100 elementor-top-column elementor-element elementor-element-7f3929f\" data-id=\"7f3929f\" data-element_type=\"column\">\n\t\t\t<div class=\"elementor-widget-wrap\">\n\t\t\t\t\t\t\t\t\t<\/div>\n\t\t<\/div>\n\t\t\t\t\t\t\t<\/div>\n\t\t<\/section>\n\t\t\t\t\t\t\t<\/div>\n\t\t","protected":false},"excerpt":{"rendered":"<p>2026 19-23\/MAR\/26 \u00a0 I TRUST YOU @Fundaci\u00f3 Joan Brossa, Barcelona 26-29\/MAR\/26\u00a0 \u00a0I TRUST YOU @Fundaci\u00f3 Joan Brossa, Barcelona 24\/ABRIL\/26 \u00a0SKLENKA MELTA @CentreC\u00edvicPorqueres, Girona 23\/MAY\/26 \u00a0 SKLENKA MELTA @Mercat de les Flors, Barcelona 24\/MAY\/26 \u00a0 SKLENKA MELTA @Mercat de les Flors, Barcelona \u00a0 &#8212;&#8211;\u00a0 \u00a0 PASADO &#8212;&#8211; 2025 ENE-MAR\u00a0 Investigaci\u00f3n art\u00edstica\u00a0 I Trust You &#8211; glask\u00f6rper [&hellip;]<\/p>\n","protected":false},"author":1,"featured_media":0,"parent":0,"menu_order":0,"comment_status":"closed","ping_status":"closed","template":"","meta":[],"_links":{"self":[{"href":"http:\/\/vivianfriedrich.info\/index.php?rest_route=\/wp\/v2\/pages\/2101"}],"collection":[{"href":"http:\/\/vivianfriedrich.info\/index.php?rest_route=\/wp\/v2\/pages"}],"about":[{"href":"http:\/\/vivianfriedrich.info\/index.php?rest_route=\/wp\/v2\/types\/page"}],"author":[{"embeddable":true,"href":"http:\/\/vivianfriedrich.info\/index.php?rest_route=\/wp\/v2\/users\/1"}],"replies":[{"embeddable":true,"href":"http:\/\/vivianfriedrich.info\/index.php?rest_route=%2Fwp%2Fv2%2Fcomments&post=2101"}],"version-history":[{"count":55,"href":"http:\/\/vivianfriedrich.info\/index.php?rest_route=\/wp\/v2\/pages\/2101\/revisions"}],"predecessor-version":[{"id":4117,"href":"http:\/\/vivianfriedrich.info\/index.php?rest_route=\/wp\/v2\/pages\/2101\/revisions\/4117"}],"wp:attachment":[{"href":"http:\/\/vivianfriedrich.info\/index.php?rest_route=%2Fwp%2Fv2%2Fmedia&parent=2101"}],"curies":[{"name":"wp","href":"https:\/\/api.w.org\/{rel}","templated":true}]}}